{"id":631,"date":"2021-10-06T13:04:53","date_gmt":"2021-10-06T13:04:53","guid":{"rendered":"http:\/\/wip.iadc-studio.de\/?page_id=631"},"modified":"2023-11-13T09:33:18","modified_gmt":"2023-11-13T09:33:18","slug":"team-2","status":"publish","type":"page","link":"https:\/\/www.iadc-studio.de\/de\/studio\/team-2\/","title":{"rendered":"Team"},"content":{"rendered":"<p>Unser professionelles Team ist der Schl\u00fcssel f\u00fcr jedes erfolgreiche Projekt.<\/p>\n\n\n\n<div class=\"wp-block-media-text alignwide is-vertically-aligned-center\" style=\"grid-template-columns:24% auto\"><figure class=\"wp-block-media-text__media\"><img loading=\"lazy\" decoding=\"async\" width=\"1024\" height=\"1024\" data-attachment-id=\"440\" data-permalink=\"https:\/\/www.iadc-studio.de\/de\/round-portraits-2_mark\/\" data-orig-file=\"https:\/\/www.iadc-studio.de\/wp-content\/uploads\/2020\/10\/Round-Portraits-2_Mark-scaled.jpg\" data-orig-size=\"2560,2560\" data-comments-opened=\"0\" data-image-meta=\"{&quot;aperture&quot;:&quot;4.5&quot;,&quot;credit&quot;:&quot;Werner Bartsch&quot;,&quot;camera&quot;:&quot;Canon EOS 5D Mark IV&quot;,&quot;caption&quot;:&quot;&quot;,&quot;created_timestamp&quot;:&quot;1598443949&quot;,&quot;copyright&quot;:&quot;www.wernerbartsch.de&quot;,&quot;focal_length&quot;:&quot;85&quot;,&quot;iso&quot;:&quot;200&quot;,&quot;shutter_speed&quot;:&quot;0.1&quot;,&quot;title&quot;:&quot;&quot;,&quot;orientation&quot;:&quot;1&quot;}\" data-image-title=\"Round Portraits 2_Mark\" data-image-description=\"\" data-image-caption=\"\" data-large-file=\"https:\/\/www.iadc-studio.de\/wp-content\/uploads\/2020\/10\/Round-Portraits-2_Mark-1024x1024.jpg\" src=\"https:\/\/www.iadc-studio.de\/wp-content\/uploads\/2020\/10\/Round-Portraits-2_Mark-1024x1024.jpg\" alt=\"Round Portraits 2_Mark\" class=\"wp-image-440 size-full\" srcset=\"https:\/\/www.iadc-studio.de\/wp-content\/uploads\/2020\/10\/Round-Portraits-2_Mark-1024x1024.jpg 1024w, https:\/\/www.iadc-studio.de\/wp-content\/uploads\/2020\/10\/Round-Portraits-2_Mark-300x300.jpg 300w, https:\/\/www.iadc-studio.de\/wp-content\/uploads\/2020\/10\/Round-Portraits-2_Mark-150x150.jpg 150w, https:\/\/www.iadc-studio.de\/wp-content\/uploads\/2020\/10\/Round-Portraits-2_Mark-768x768.jpg 768w, https:\/\/www.iadc-studio.de\/wp-content\/uploads\/2020\/10\/Round-Portraits-2_Mark-1536x1536.jpg 1536w, https:\/\/www.iadc-studio.de\/wp-content\/uploads\/2020\/10\/Round-Portraits-2_Mark-2048x2048.jpg 2048w, https:\/\/www.iadc-studio.de\/wp-content\/uploads\/2020\/10\/Round-Portraits-2_Mark-50x50.jpg 50w\" sizes=\"auto, (max-width: 1024px) 100vw, 1024px\" \/><\/figure><div class=\"wp-block-media-text__content\">\n<p class=\"has-normal-font-size\"><strong>Mark Longr\u00e9e<\/strong><\/p>\n\n\n\n<p class=\"has-normal-font-size\">Mark ist ein hochqualifizierter Architekt, der sich seit mehr als 15 Jahren auf den Bereich Verkehr und Stadtentwicklung spezialisiert hat. Seine Erfahrung umfasst eine gro\u00dfe Anzahl hochkar\u00e4tiger Projekte auf der ganzen Welt. <\/p>\n<\/div><\/div>\n\n\n\n<p><\/p>\n\n\n\n<div class=\"wp-block-media-text alignwide is-vertically-aligned-center\" style=\"grid-template-columns:24% auto\"><figure class=\"wp-block-media-text__media\"><img loading=\"lazy\" decoding=\"async\" width=\"2560\" height=\"2560\" data-attachment-id=\"443\" data-permalink=\"https:\/\/www.iadc-studio.de\/de\/round-portraits-2_thomas\/\" data-orig-file=\"https:\/\/www.iadc-studio.de\/wp-content\/uploads\/2020\/10\/Round-Portraits-2_Thomas-scaled.jpg\" data-orig-size=\"2560,2560\" data-comments-opened=\"0\" data-image-meta=\"{&quot;aperture&quot;:&quot;4.5&quot;,&quot;credit&quot;:&quot;Werner Bartsch&quot;,&quot;camera&quot;:&quot;Canon EOS 5D Mark IV&quot;,&quot;caption&quot;:&quot;&quot;,&quot;created_timestamp&quot;:&quot;1598443949&quot;,&quot;copyright&quot;:&quot;www.wernerbartsch.de&quot;,&quot;focal_length&quot;:&quot;85&quot;,&quot;iso&quot;:&quot;200&quot;,&quot;shutter_speed&quot;:&quot;0.1&quot;,&quot;title&quot;:&quot;&quot;,&quot;orientation&quot;:&quot;1&quot;}\" data-image-title=\"Round Portraits 2_Thomas\" data-image-description=\"\" data-image-caption=\"\" data-large-file=\"https:\/\/www.iadc-studio.de\/wp-content\/uploads\/2020\/10\/Round-Portraits-2_Thomas-scaled.jpg\" src=\"https:\/\/www.iadc-studio.de\/wp-content\/uploads\/2020\/10\/Round-Portraits-2_Thomas-scaled.jpg\" alt=\"Round Portraits 2_Thomas\" class=\"wp-image-443 size-full\" srcset=\"https:\/\/www.iadc-studio.de\/wp-content\/uploads\/2020\/10\/Round-Portraits-2_Thomas-scaled.jpg 2560w, https:\/\/www.iadc-studio.de\/wp-content\/uploads\/2020\/10\/Round-Portraits-2_Thomas-300x300.jpg 300w, https:\/\/www.iadc-studio.de\/wp-content\/uploads\/2020\/10\/Round-Portraits-2_Thomas-150x150.jpg 150w, https:\/\/www.iadc-studio.de\/wp-content\/uploads\/2020\/10\/Round-Portraits-2_Thomas-768x768.jpg 768w, https:\/\/www.iadc-studio.de\/wp-content\/uploads\/2020\/10\/Round-Portraits-2_Thomas-1536x1536.jpg 1536w, https:\/\/www.iadc-studio.de\/wp-content\/uploads\/2020\/10\/Round-Portraits-2_Thomas-2048x2048.jpg 2048w, https:\/\/www.iadc-studio.de\/wp-content\/uploads\/2020\/10\/Round-Portraits-2_Thomas-50x50.jpg 50w\" sizes=\"auto, (max-width: 2560px) 100vw, 2560px\" \/><\/figure><div class=\"wp-block-media-text__content\">\n<p class=\"has-normal-font-size\"><strong><strong>Thomas Baldi<\/strong><\/strong><\/p>\n\n\n\n<p class=\"has-normal-font-size\">Thomas ist ein Architekt, der sich auf Projekte mit ausgedehnten Fl\u00e4chen und gemischter Nutzung (Einzelhandel, Wohnungen und B\u00fcros) spezialisiert hat. Er verf\u00fcgt \u00fcber umfassende Kenntnisse der BIM-Software und konzentriert sich auf die Implementierung des BIM-Prozesses in die Projekte.<\/p>\n<\/div><\/div>\n\n\n\n<p><\/p>\n\n\n\n<div class=\"wp-block-media-text alignwide is-vertically-aligned-center\" style=\"grid-template-columns:24% auto\"><figure class=\"wp-block-media-text__media\"><img loading=\"lazy\" decoding=\"async\" width=\"2560\" height=\"2560\" data-attachment-id=\"444\" data-permalink=\"https:\/\/www.iadc-studio.de\/de\/round-portraits-2_august\/\" data-orig-file=\"https:\/\/www.iadc-studio.de\/wp-content\/uploads\/2020\/10\/Round-Portraits-2_August-scaled.jpg\" data-orig-size=\"2560,2560\" data-comments-opened=\"0\" data-image-meta=\"{&quot;aperture&quot;:&quot;4.5&quot;,&quot;credit&quot;:&quot;Werner Bartsch&quot;,&quot;camera&quot;:&quot;Canon EOS 5D Mark IV&quot;,&quot;caption&quot;:&quot;&quot;,&quot;created_timestamp&quot;:&quot;1598443949&quot;,&quot;copyright&quot;:&quot;www.wernerbartsch.de&quot;,&quot;focal_length&quot;:&quot;85&quot;,&quot;iso&quot;:&quot;200&quot;,&quot;shutter_speed&quot;:&quot;0.1&quot;,&quot;title&quot;:&quot;&quot;,&quot;orientation&quot;:&quot;1&quot;}\" data-image-title=\"Round Portraits 2_August\" data-image-description=\"\" data-image-caption=\"\" data-large-file=\"https:\/\/www.iadc-studio.de\/wp-content\/uploads\/2020\/10\/Round-Portraits-2_August-scaled.jpg\" src=\"https:\/\/www.iadc-studio.de\/wp-content\/uploads\/2020\/10\/Round-Portraits-2_August-scaled.jpg\" alt=\"Round Portraits 2_August\" class=\"wp-image-444 size-full\" srcset=\"https:\/\/www.iadc-studio.de\/wp-content\/uploads\/2020\/10\/Round-Portraits-2_August-scaled.jpg 2560w, https:\/\/www.iadc-studio.de\/wp-content\/uploads\/2020\/10\/Round-Portraits-2_August-300x300.jpg 300w, https:\/\/www.iadc-studio.de\/wp-content\/uploads\/2020\/10\/Round-Portraits-2_August-150x150.jpg 150w, https:\/\/www.iadc-studio.de\/wp-content\/uploads\/2020\/10\/Round-Portraits-2_August-768x768.jpg 768w, https:\/\/www.iadc-studio.de\/wp-content\/uploads\/2020\/10\/Round-Portraits-2_August-1536x1536.jpg 1536w, https:\/\/www.iadc-studio.de\/wp-content\/uploads\/2020\/10\/Round-Portraits-2_August-2048x2048.jpg 2048w, https:\/\/www.iadc-studio.de\/wp-content\/uploads\/2020\/10\/Round-Portraits-2_August-50x50.jpg 50w\" sizes=\"auto, (max-width: 2560px) 100vw, 2560px\" \/><\/figure><div class=\"wp-block-media-text__content\">\n<p class=\"has-normal-font-size\"><strong><strong><strong>August Lyska<\/strong><\/strong><\/strong><\/p>\n\n\n\n<p class=\"has-normal-font-size\">August ist ein Verkehrsingenieur, der sich auf luftfahrtbezogene Infrastrukturen und Betriebsabl\u00e4ufe spezialisiert hat. Er verf\u00fcgt \u00fcber umfangreiche Erfahrung in der Planung und Gestaltung von Terminalinfrastruktur, Bahnh\u00f6fen und Nebengeb\u00e4uden.<\/p>\n<\/div><\/div>\n\n\n\n<p><\/p>\n\n\n\n<div class=\"wp-block-media-text alignwide is-vertically-aligned-center\" style=\"grid-template-columns:24% auto\"><figure class=\"wp-block-media-text__media\"><img decoding=\"async\" data-attachment-id=\"441\" data-permalink=\"https:\/\/www.iadc-studio.de\/de\/round-portraits-2_matt\/\" data-orig-file=\"https:\/\/www.iadc-studio.de\/wp-content\/uploads\/2020\/10\/Round-Portraits-2_Matt-scaled-e1603364277490.jpg\" data-orig-size=\"2560,2547\" data-comments-opened=\"0\" data-image-meta=\"{&quot;aperture&quot;:&quot;4.5&quot;,&quot;credit&quot;:&quot;Werner Bartsch&quot;,&quot;camera&quot;:&quot;Canon EOS 5D Mark IV&quot;,&quot;caption&quot;:&quot;&quot;,&quot;created_timestamp&quot;:&quot;1598443949&quot;,&quot;copyright&quot;:&quot;www.wernerbartsch.de&quot;,&quot;focal_length&quot;:&quot;85&quot;,&quot;iso&quot;:&quot;200&quot;,&quot;shutter_speed&quot;:&quot;0.1&quot;,&quot;title&quot;:&quot;&quot;,&quot;orientation&quot;:&quot;1&quot;}\" data-image-title=\"Round Portraits 2_Matt\" data-image-description=\"\" data-image-caption=\"\" data-large-file=\"https:\/\/www.iadc-studio.de\/wp-content\/uploads\/2020\/10\/Round-Portraits-2_Matt-scaled-e1603364277490-1024x1019.jpg\" src=\"https:\/\/www.iadc-studio.de\/wp-content\/uploads\/2020\/10\/Round-Portraits-2_Lucia-1-scaled.jpg\" alt=\"Round Portraits 2_Lucia\" class=\"wp-image-441 size-full\"\/><\/figure><div class=\"wp-block-media-text__content\">\n<p class=\"has-normal-font-size\"><strong><strong><strong><strong><strong><strong><strong><strong>Lucia Dini<\/strong><\/strong><\/strong><\/strong><\/strong><\/strong><\/strong><\/strong><\/p>\n\n\n\n<p class=\"has-normal-font-size\">Lucia hat gerade ihr Studium in Aviation Management mit einem hervorragenden Bachelor-Abschluss beendet. Sie teilt ihre Leidenschaft f\u00fcr die Flughafenbranche mit uns und spezialisiert sich auf die Digitalisierung und die fortlaufende technologische Entwicklung in der Verkehrs- und Transportbranche.<\/p>\n<\/div><\/div>\n\n\n\n<p><\/p>\n\n\n\n<div class=\"wp-block-media-text alignwide is-vertically-aligned-center\" style=\"grid-template-columns:24% auto\"><figure class=\"wp-block-media-text__media\"><img loading=\"lazy\" decoding=\"async\" width=\"2560\" height=\"2560\" data-attachment-id=\"442\" data-permalink=\"https:\/\/www.iadc-studio.de\/de\/round-portraits-2_nesrin\/\" data-orig-file=\"https:\/\/www.iadc-studio.de\/wp-content\/uploads\/2020\/10\/Round-Portraits-2_Nesrin-scaled.jpg\" data-orig-size=\"2560,2560\" data-comments-opened=\"0\" data-image-meta=\"{&quot;aperture&quot;:&quot;4.5&quot;,&quot;credit&quot;:&quot;Werner Bartsch&quot;,&quot;camera&quot;:&quot;Canon EOS 5D Mark IV&quot;,&quot;caption&quot;:&quot;&quot;,&quot;created_timestamp&quot;:&quot;1598443949&quot;,&quot;copyright&quot;:&quot;www.wernerbartsch.de&quot;,&quot;focal_length&quot;:&quot;85&quot;,&quot;iso&quot;:&quot;200&quot;,&quot;shutter_speed&quot;:&quot;0.1&quot;,&quot;title&quot;:&quot;&quot;,&quot;orientation&quot;:&quot;1&quot;}\" data-image-title=\"Round Portraits 2_Nesrin\" data-image-description=\"\" data-image-caption=\"\" data-large-file=\"https:\/\/www.iadc-studio.de\/wp-content\/uploads\/2020\/10\/Round-Portraits-2_Nesrin-scaled.jpg\" src=\"https:\/\/www.iadc-studio.de\/wp-content\/uploads\/2020\/10\/Round-Portraits-2_Nesrin-scaled.jpg\" alt=\"Round Portraits 2_Nesrin\" class=\"wp-image-442 size-full\" srcset=\"https:\/\/www.iadc-studio.de\/wp-content\/uploads\/2020\/10\/Round-Portraits-2_Nesrin-scaled.jpg 2560w, https:\/\/www.iadc-studio.de\/wp-content\/uploads\/2020\/10\/Round-Portraits-2_Nesrin-300x300.jpg 300w, https:\/\/www.iadc-studio.de\/wp-content\/uploads\/2020\/10\/Round-Portraits-2_Nesrin-150x150.jpg 150w, https:\/\/www.iadc-studio.de\/wp-content\/uploads\/2020\/10\/Round-Portraits-2_Nesrin-768x768.jpg 768w, https:\/\/www.iadc-studio.de\/wp-content\/uploads\/2020\/10\/Round-Portraits-2_Nesrin-1536x1536.jpg 1536w, https:\/\/www.iadc-studio.de\/wp-content\/uploads\/2020\/10\/Round-Portraits-2_Nesrin-2048x2048.jpg 2048w, https:\/\/www.iadc-studio.de\/wp-content\/uploads\/2020\/10\/Round-Portraits-2_Nesrin-50x50.jpg 50w\" sizes=\"auto, (max-width: 2560px) 100vw, 2560px\" \/><\/figure><div class=\"wp-block-media-text__content\">\n<p class=\"has-normal-font-size\"><strong><strong><strong><strong><strong><strong><strong>Nesrin Longr\u00e9e<\/strong><\/strong><\/strong><\/strong><\/strong><\/strong><\/strong><\/p>\n\n\n\n<p class=\"has-normal-font-size\">Nesrin ist eine Marketingmanagerin mit mehr als 15 Jahren Erfahrung. Ihre Leidenschaft f\u00fcr Menschen, Bilder und Farben ist eine sehr gute Erg\u00e4nzung f\u00fcr unser Team. Wir sch\u00e4tzen ihren Beitrag zu unserem B\u00fcro nicht nur im Bereich Marketing, sondern auch im Personalwesen.<\/p>\n<\/div><\/div>\n\n\n\n<p><\/p>\n\n\n\n<div class=\"wp-block-media-text alignwide is-vertically-aligned-center\" style=\"grid-template-columns:24% auto\"><figure class=\"wp-block-media-text__media\"><img loading=\"lazy\" decoding=\"async\" width=\"1024\" height=\"1019\" data-attachment-id=\"441\" data-permalink=\"https:\/\/www.iadc-studio.de\/de\/round-portraits-2_matt\/\" data-orig-file=\"https:\/\/www.iadc-studio.de\/wp-content\/uploads\/2020\/10\/Round-Portraits-2_Matt-scaled-e1603364277490.jpg\" data-orig-size=\"2560,2547\" data-comments-opened=\"0\" data-image-meta=\"{&quot;aperture&quot;:&quot;4.5&quot;,&quot;credit&quot;:&quot;Werner Bartsch&quot;,&quot;camera&quot;:&quot;Canon EOS 5D Mark IV&quot;,&quot;caption&quot;:&quot;&quot;,&quot;created_timestamp&quot;:&quot;1598443949&quot;,&quot;copyright&quot;:&quot;www.wernerbartsch.de&quot;,&quot;focal_length&quot;:&quot;85&quot;,&quot;iso&quot;:&quot;200&quot;,&quot;shutter_speed&quot;:&quot;0.1&quot;,&quot;title&quot;:&quot;&quot;,&quot;orientation&quot;:&quot;1&quot;}\" data-image-title=\"Round Portraits 2_Matt\" data-image-description=\"\" data-image-caption=\"\" data-large-file=\"https:\/\/www.iadc-studio.de\/wp-content\/uploads\/2020\/10\/Round-Portraits-2_Matt-scaled-e1603364277490-1024x1019.jpg\" src=\"https:\/\/www.iadc-studio.de\/wp-content\/uploads\/2020\/10\/Round-Portraits-2_Matt-scaled-e1603364277490-1024x1019.jpg\" alt=\"Round Portraits 2_Matt\" class=\"wp-image-441 size-full\" srcset=\"https:\/\/www.iadc-studio.de\/wp-content\/uploads\/2020\/10\/Round-Portraits-2_Matt-scaled-e1603364277490-1024x1019.jpg 1024w, https:\/\/www.iadc-studio.de\/wp-content\/uploads\/2020\/10\/Round-Portraits-2_Matt-scaled-e1603364277490-300x298.jpg 300w, https:\/\/www.iadc-studio.de\/wp-content\/uploads\/2020\/10\/Round-Portraits-2_Matt-scaled-e1603364277490-150x150.jpg 150w, https:\/\/www.iadc-studio.de\/wp-content\/uploads\/2020\/10\/Round-Portraits-2_Matt-scaled-e1603364277490-768x764.jpg 768w, https:\/\/www.iadc-studio.de\/wp-content\/uploads\/2020\/10\/Round-Portraits-2_Matt-scaled-e1603364277490-1536x1528.jpg 1536w, https:\/\/www.iadc-studio.de\/wp-content\/uploads\/2020\/10\/Round-Portraits-2_Matt-scaled-e1603364277490-2048x2038.jpg 2048w, https:\/\/www.iadc-studio.de\/wp-content\/uploads\/2020\/10\/Round-Portraits-2_Matt-scaled-e1603364277490-50x50.jpg 50w\" sizes=\"auto, (max-width: 1024px) 100vw, 1024px\" \/><\/figure><div class=\"wp-block-media-text__content\">\n<p class=\"has-normal-font-size\"><strong><strong><strong><strong><strong><strong><strong><strong>Mateusz Wawrzyniak<\/strong><\/strong><\/strong><\/strong><\/strong><\/strong><\/strong><\/strong><\/p>\n\n\n\n<p class=\"has-normal-font-size\">Mat ist ein Architekt, der auf 3D-Modellierung und Visualisierung spezialisiert ist. Seine kreative Arbeit vervollst\u00e4ndigt die konzeptionelle Arbeit des Teams bis zur endg\u00fcltigen Perfektion. Seine Leidenschaft liegt in der Entwicklung hochwertiger Visualisierungen und interaktiver virtueller Realit\u00e4t.<\/p>\n<\/div><\/div>\n\n\n\n<p><\/p>\n\n\n\n<div class=\"wp-block-media-text alignwide is-vertically-aligned-center\" style=\"grid-template-columns:24% auto\"><figure class=\"wp-block-media-text__media\"><img decoding=\"async\" data-attachment-id=\"442\" data-permalink=\"https:\/\/www.iadc-studio.de\/de\/round-portraits-2_nesrin\/\" data-orig-file=\"https:\/\/www.iadc-studio.de\/wp-content\/uploads\/2020\/10\/Round-Portraits-2_Nesrin-scaled.jpg\" data-orig-size=\"2560,2560\" data-comments-opened=\"0\" data-image-meta=\"{&quot;aperture&quot;:&quot;4.5&quot;,&quot;credit&quot;:&quot;Werner Bartsch&quot;,&quot;camera&quot;:&quot;Canon EOS 5D Mark IV&quot;,&quot;caption&quot;:&quot;&quot;,&quot;created_timestamp&quot;:&quot;1598443949&quot;,&quot;copyright&quot;:&quot;www.wernerbartsch.de&quot;,&quot;focal_length&quot;:&quot;85&quot;,&quot;iso&quot;:&quot;200&quot;,&quot;shutter_speed&quot;:&quot;0.1&quot;,&quot;title&quot;:&quot;&quot;,&quot;orientation&quot;:&quot;1&quot;}\" data-image-title=\"Round Portraits 2_Nesrin\" data-image-description=\"\" data-image-caption=\"\" data-large-file=\"https:\/\/www.iadc-studio.de\/wp-content\/uploads\/2020\/10\/Round-Portraits-2_Nesrin-scaled.jpg\" src=\"https:\/\/www.iadc-studio.de\/wp-content\/uploads\/2020\/10\/Round-Portraits-2_Torsten-1024x1024.jpg\" alt=\"Round Portraits 2_T\" class=\"wp-image-442 size-full\"\/><\/figure><div class=\"wp-block-media-text__content\">\n<p class=\"has-normal-font-size\"><strong><strong><strong><strong><strong><strong><strong>Torsten Hentschel<\/strong><\/strong><\/strong><\/strong><\/strong><\/strong><\/strong><\/p>\n\n\n\n<p class=\"has-normal-font-size\">Torsten hat in f\u00fchrenden Positionen bei Flughafenbetreibern und Beratungsunternehmen gearbeitet. Er blickt auf mehr als 20 Jahre internationale Flughafenerfahrung zur\u00fcck. Sein Fachwissen umfasst Terminal-Entwicklung und betriebliche Prozesse.<\/p>\n<\/div><\/div>\n\n\n\n<p><\/p>\n\n\n\n<div class=\"wp-block-media-text alignwide is-vertically-aligned-center\" style=\"grid-template-columns:24% auto\"><figure class=\"wp-block-media-text__media\"><img decoding=\"async\" data-attachment-id=\"442\" data-permalink=\"https:\/\/www.iadc-studio.de\/de\/round-portraits-2_nesrin\/\" data-orig-file=\"https:\/\/www.iadc-studio.de\/wp-content\/uploads\/2020\/10\/Round-Portraits-2_Nesrin-scaled.jpg\" data-orig-size=\"2560,2560\" data-comments-opened=\"0\" data-image-meta=\"{&quot;aperture&quot;:&quot;4.5&quot;,&quot;credit&quot;:&quot;Werner Bartsch&quot;,&quot;camera&quot;:&quot;Canon EOS 5D Mark IV&quot;,&quot;caption&quot;:&quot;&quot;,&quot;created_timestamp&quot;:&quot;1598443949&quot;,&quot;copyright&quot;:&quot;www.wernerbartsch.de&quot;,&quot;focal_length&quot;:&quot;85&quot;,&quot;iso&quot;:&quot;200&quot;,&quot;shutter_speed&quot;:&quot;0.1&quot;,&quot;title&quot;:&quot;&quot;,&quot;orientation&quot;:&quot;1&quot;}\" data-image-title=\"Round Portraits 2_Nesrin\" data-image-description=\"\" data-image-caption=\"\" data-large-file=\"https:\/\/www.iadc-studio.de\/wp-content\/uploads\/2020\/10\/Round-Portraits-2_Nesrin-scaled.jpg\" src=\"https:\/\/www.iadc-studio.de\/wp-content\/uploads\/2020\/10\/Round-Portraits-2_Richard-1024x1024.jpg\" alt=\"Round Portraits 2_R\" class=\"wp-image-442 size-full\"\/><\/figure><div class=\"wp-block-media-text__content\">\n<p class=\"has-normal-font-size\"><strong><strong><strong><strong><strong><strong><strong>Richard Chapman<\/strong><\/strong><\/strong><\/strong><\/strong><\/strong><\/strong><\/p>\n\n\n\n<p class=\"has-normal-font-size\">Richard ist ein qualifizierter Architekt mit \u00fcber 25 Jahren Erfahrung im Luftverkehrssektor. Er verf\u00fcgt \u00fcber umfassende Kenntnisse und Fachwissen in den Bereichen Flughafen-Masterplanung, Planung und Entwurf von Terminals und Flughafengeb\u00e4uden.<\/p>\n<\/div><\/div>","protected":false},"excerpt":{"rendered":"<p>Our professional team is the key&nbsp;factor&nbsp;for every successful project. Mark Longr\u00e9e Mark is a highly knowledgeable architect specialised in the field of Transportation &amp; Urban Development for more than 15 years. His experience encompasses a large amount of high profile projects around the world. Thomas Baldi Thomas is an architect specialised in projects with extended [&hellip;]<\/p>","protected":false},"author":1,"featured_media":718,"parent":99,"menu_order":0,"comment_status":"closed","ping_status":"closed","template":"","meta":{"footnotes":""},"class_list":["post-631","page","type-page","status-publish","has-post-thumbnail","hentry"],"jetpack_sharing_enabled":true,"_links":{"self":[{"href":"https:\/\/www.iadc-studio.de\/de\/wp-json\/wp\/v2\/pages\/631","targetHints":{"allow":["GET"]}}],"collection":[{"href":"https:\/\/www.iadc-studio.de\/de\/wp-json\/wp\/v2\/pages"}],"about":[{"href":"https:\/\/www.iadc-studio.de\/de\/wp-json\/wp\/v2\/types\/page"}],"author":[{"embeddable":true,"href":"https:\/\/www.iadc-studio.de\/de\/wp-json\/wp\/v2\/users\/1"}],"replies":[{"embeddable":true,"href":"https:\/\/www.iadc-studio.de\/de\/wp-json\/wp\/v2\/comments?post=631"}],"version-history":[{"count":13,"href":"https:\/\/www.iadc-studio.de\/de\/wp-json\/wp\/v2\/pages\/631\/revisions"}],"predecessor-version":[{"id":1376,"href":"https:\/\/www.iadc-studio.de\/de\/wp-json\/wp\/v2\/pages\/631\/revisions\/1376"}],"up":[{"embeddable":true,"href":"https:\/\/www.iadc-studio.de\/de\/wp-json\/wp\/v2\/pages\/99"}],"wp:featuredmedia":[{"embeddable":true,"href":"https:\/\/www.iadc-studio.de\/de\/wp-json\/wp\/v2\/media\/718"}],"wp:attachment":[{"href":"https:\/\/www.iadc-studio.de\/de\/wp-json\/wp\/v2\/media?parent=631"}],"curies":[{"name":"wp","href":"https:\/\/api.w.org\/{rel}","templated":true}]}}